{"id":1823,"date":"2023-11-27T16:54:47","date_gmt":"2023-11-27T15:54:47","guid":{"rendered":"https:\/\/carole-pascal.fr\/WORDPRESS\/?page_id=1823"},"modified":"2025-07-12T17:54:29","modified_gmt":"2025-07-12T15:54:29","slug":"2020-2","status":"publish","type":"page","link":"https:\/\/carole-pascal.fr\/WORDPRESS\/2020-2\/","title":{"rendered":"2020"},"content":{"rendered":"\t\t<div data-elementor-type=\"wp-page\" data-elementor-id=\"1823\" class=\"elementor elementor-1823\">\n\t\t\t\t<div class=\"elementor-element elementor-element-dc30cca e-flex e-con-boxed e-con e-parent\" data-id=\"dc30cca\" data-element_type=\"container\" data-e-type=\"container\">\n\t\t\t\t\t<div class=\"e-con-inner\">\n\t\t\t\t<div class=\"elementor-element elementor-element-c2e2d9e elementor-widget elementor-widget-text-editor\" data-id=\"c2e2d9e\" data-element_type=\"widget\" data-e-type=\"widget\" data-widget_type=\"text-editor.default\">\n\t\t\t\t<div class=\"elementor-widget-container\">\n\t\t\t\t\t\t\t\t\t<p><a href=\"https:\/\/carole-pascal.fr\/WORDPRESS\/iles-falkland-malouines-01-au-15-fevrier-2020\/\">ILES FALKLAND<\/a>, <a href=\"https:\/\/carole-pascal.fr\/WORDPRESS\/chili-16-au-23-fevrier-2020\/\">CHILI<\/a>, Papillons et orchid\u00e9es d&rsquo;Eure et Loir, Nature en Deux-S\u00e8vres et Ile-de-France au fil des mois, Conflans Sainte-Honorine, Saint-Germain-en-Laye, Concarneau, Pays d&rsquo;Auge, Saumur, Montsoreau, Haute-Loire, Loire, Puy-de-D\u00f4me, Charente-Maritime.<\/p>\t\t\t\t\t\t\t\t<\/div>\n\t\t\t\t<\/div>\n\t\t\t\t\t<\/div>\n\t\t\t\t<\/div>\n\t\t<div class=\"elementor-element elementor-element-284f8b54 e-flex e-con-boxed e-con e-parent\" data-id=\"284f8b54\" data-element_type=\"container\" data-e-type=\"container\">\n\t\t\t\t\t<div class=\"e-con-inner\">\n\t\t<div class=\"elementor-element elementor-element-7f2dd50e e-con-full e-flex e-con e-child\" data-id=\"7f2dd50e\" data-element_type=\"container\" data-e-type=\"container\">\n\t\t\t\t<div class=\"elementor-element elementor-element-2779a262 elementor-widget elementor-widget-image\" data-id=\"2779a262\" data-element_type=\"widget\" data-e-type=\"widget\" data-widget_type=\"image.default\">\n\t\t\t\t<div class=\"elementor-widget-container\">\n\t\t\t\t\t\t\t\t\t\t\t\t<figure class=\"wp-caption\">\n\t\t\t\t\t\t\t\t\t\t\t<a href=\"https:\/\/carole-pascal.fr\/WORDPRESS\/nature-en-yvelines-decembre-2020\/\">\n\t\t\t\t\t\t\t<img fetchpriority=\"high\" width=\"768\" height=\"512\"  class=\"attachment-medium_large size-medium_large wp-image-28304 lws-optimize-lazyload\" alt=\"\" srcset=\"https:\/\/carole-pascal.fr\/WORDPRESS\/wp-content\/uploads\/2024\/02\/015_-202012-768x512.jpg 768w, https:\/\/carole-pascal.fr\/WORDPRESS\/wp-content\/uploads\/2024\/02\/015_-202012-300x200.jpg 300w, https:\/\/carole-pascal.fr\/WORDPRESS\/wp-content\/uploads\/2024\/02\/015_-202012-1024x683.jpg 1024w, https:\/\/carole-pascal.fr\/WORDPRESS\/wp-content\/uploads\/2024\/02\/015_-202012-1536x1024.jpg 1536w, https:\/\/carole-pascal.fr\/WORDPRESS\/wp-content\/uploads\/2024\/02\/015_-202012-2048x1365.jpg 2048w\" sizes=\"(max-width: 768px) 100vw, 768px\" \/ data-src=\"https:\/\/carole-pascal.fr\/WORDPRESS\/wp-content\/uploads\/2024\/02\/015_-202012-768x512.jpg\">\t\t\t\t\t\t\t\t<\/a>\n\t\t\t\t\t\t\t\t\t\t\t<figcaption class=\"widget-image-caption wp-caption-text\">Nature en Yvelines - D\u00e9cembre 2020<\/figcaption>\n\t\t\t\t\t\t\t\t\t\t<\/figure>\n\t\t\t\t\t\t\t\t\t<\/div>\n\t\t\t\t<\/div>\n\t\t\t\t<\/div>\n\t\t<div class=\"elementor-element elementor-element-6f6e445e e-con-full e-flex e-con e-child\" data-id=\"6f6e445e\" data-element_type=\"container\" data-e-type=\"container\">\n\t\t\t\t<div class=\"elementor-element elementor-element-4af1dcfc elementor-widget elementor-widget-image\" data-id=\"4af1dcfc\" data-element_type=\"widget\" data-e-type=\"widget\" data-widget_type=\"image.default\">\n\t\t\t\t<div class=\"elementor-widget-container\">\n\t\t\t\t\t\t\t\t\t\t\t\t<figure class=\"wp-caption\">\n\t\t\t\t\t\t\t\t\t\t\t<a href=\"https:\/\/carole-pascal.fr\/WORDPRESS\/nature-annee-2020\/\">\n\t\t\t\t\t\t\t<img width=\"768\" height=\"512\"  class=\"attachment-medium_large size-medium_large wp-image-22299 lws-optimize-lazyload\" alt=\"\" srcset=\"https:\/\/carole-pascal.fr\/WORDPRESS\/wp-content\/uploads\/2024\/02\/158_-2020-768x512.jpg 768w, https:\/\/carole-pascal.fr\/WORDPRESS\/wp-content\/uploads\/2024\/02\/158_-2020-300x200.jpg 300w, https:\/\/carole-pascal.fr\/WORDPRESS\/wp-content\/uploads\/2024\/02\/158_-2020-1024x683.jpg 1024w, https:\/\/carole-pascal.fr\/WORDPRESS\/wp-content\/uploads\/2024\/02\/158_-2020-1536x1024.jpg 1536w, https:\/\/carole-pascal.fr\/WORDPRESS\/wp-content\/uploads\/2024\/02\/158_-2020-2048x1365.jpg 2048w\" sizes=\"(max-width: 768px) 100vw, 768px\" \/ data-src=\"https:\/\/carole-pascal.fr\/WORDPRESS\/wp-content\/uploads\/2024\/02\/158_-2020-768x512.jpg\">\t\t\t\t\t\t\t\t<\/a>\n\t\t\t\t\t\t\t\t\t\t\t<figcaption class=\"widget-image-caption wp-caption-text\">S\u00e9l\u00e9ction nature 2020<\/figcaption>\n\t\t\t\t\t\t\t\t\t\t<\/figure>\n\t\t\t\t\t\t\t\t\t<\/div>\n\t\t\t\t<\/div>\n\t\t\t\t<\/div>\n\t\t<div class=\"elementor-element elementor-element-3475fe06 e-con-full e-flex e-con e-child\" data-id=\"3475fe06\" data-element_type=\"container\" data-e-type=\"container\">\n\t\t\t\t<div class=\"elementor-element elementor-element-1828ef50 elementor-widget elementor-widget-image\" data-id=\"1828ef50\" data-element_type=\"widget\" data-e-type=\"widget\" data-widget_type=\"image.default\">\n\t\t\t\t<div class=\"elementor-widget-container\">\n\t\t\t\t\t\t\t\t\t\t\t\t<figure class=\"wp-caption\">\n\t\t\t\t\t\t\t\t\t\t\t<a href=\"https:\/\/carole-pascal.fr\/WORDPRESS\/finistere-de-trevignon-a-port-manech-25-octobre-2020\/\">\n\t\t\t\t\t\t\t<img width=\"768\" height=\"512\"  class=\"attachment-medium_large size-medium_large wp-image-28267 lws-optimize-lazyload\" alt=\"\" srcset=\"https:\/\/carole-pascal.fr\/WORDPRESS\/wp-content\/uploads\/2024\/02\/021_-20201025-768x512.jpg 768w, https:\/\/carole-pascal.fr\/WORDPRESS\/wp-content\/uploads\/2024\/02\/021_-20201025-300x200.jpg 300w, https:\/\/carole-pascal.fr\/WORDPRESS\/wp-content\/uploads\/2024\/02\/021_-20201025-1024x683.jpg 1024w, https:\/\/carole-pascal.fr\/WORDPRESS\/wp-content\/uploads\/2024\/02\/021_-20201025-1536x1024.jpg 1536w, https:\/\/carole-pascal.fr\/WORDPRESS\/wp-content\/uploads\/2024\/02\/021_-20201025-2048x1365.jpg 2048w\" sizes=\"(max-width: 768px) 100vw, 768px\" \/ data-src=\"https:\/\/carole-pascal.fr\/WORDPRESS\/wp-content\/uploads\/2024\/02\/021_-20201025-768x512.jpg\">\t\t\t\t\t\t\t\t<\/a>\n\t\t\t\t\t\t\t\t\t\t\t<figcaption class=\"widget-image-caption wp-caption-text\">Finist\u00e8re - Octobre 2020<\/figcaption>\n\t\t\t\t\t\t\t\t\t\t<\/figure>\n\t\t\t\t\t\t\t\t\t<\/div>\n\t\t\t\t<\/div>\n\t\t\t\t<\/div>\n\t\t<div class=\"elementor-element elementor-element-410cf29 e-con-full e-flex e-con e-child\" data-id=\"410cf29\" data-element_type=\"container\" data-e-type=\"container\">\n\t\t\t\t<div class=\"elementor-element elementor-element-3bcfb65 elementor-widget elementor-widget-image\" data-id=\"3bcfb65\" data-element_type=\"widget\" data-e-type=\"widget\" data-widget_type=\"image.default\">\n\t\t\t\t<div class=\"elementor-widget-container\">\n\t\t\t\t\t\t\t\t\t\t\t\t<figure class=\"wp-caption\">\n\t\t\t\t\t\t\t\t\t\t\t<a href=\"https:\/\/carole-pascal.fr\/WORDPRESS\/royan-brouage-hermione-charente-maritime-11-octobre-2020\/\">\n\t\t\t\t\t\t\t<img loading=\"lazy\" width=\"768\" height=\"512\"  class=\"attachment-medium_large size-medium_large wp-image-28234 lws-optimize-lazyload\" alt=\"\" srcset=\"https:\/\/carole-pascal.fr\/WORDPRESS\/wp-content\/uploads\/2024\/02\/074_-202010-768x512.jpg 768w, https:\/\/carole-pascal.fr\/WORDPRESS\/wp-content\/uploads\/2024\/02\/074_-202010-300x200.jpg 300w, https:\/\/carole-pascal.fr\/WORDPRESS\/wp-content\/uploads\/2024\/02\/074_-202010-1024x683.jpg 1024w, https:\/\/carole-pascal.fr\/WORDPRESS\/wp-content\/uploads\/2024\/02\/074_-202010-1536x1024.jpg 1536w, https:\/\/carole-pascal.fr\/WORDPRESS\/wp-content\/uploads\/2024\/02\/074_-202010-2048x1365.jpg 2048w\" sizes=\"(max-width: 768px) 100vw, 768px\" \/ data-src=\"https:\/\/carole-pascal.fr\/WORDPRESS\/wp-content\/uploads\/2024\/02\/074_-202010-768x512.jpg\">\t\t\t\t\t\t\t\t<\/a>\n\t\t\t\t\t\t\t\t\t\t\t<figcaption class=\"widget-image-caption wp-caption-text\">Charente-Maritime - Octobre 2020<\/figcaption>\n\t\t\t\t\t\t\t\t\t\t<\/figure>\n\t\t\t\t\t\t\t\t\t<\/div>\n\t\t\t\t<\/div>\n\t\t\t\t<\/div>\n\t\t<div class=\"elementor-element elementor-element-e1b6f77 e-con-full e-flex e-con e-child\" data-id=\"e1b6f77\" data-element_type=\"container\" data-e-type=\"container\">\n\t\t\t\t<div class=\"elementor-element elementor-element-2ef685f elementor-widget elementor-widget-image\" data-id=\"2ef685f\" data-element_type=\"widget\" data-e-type=\"widget\" data-widget_type=\"image.default\">\n\t\t\t\t<div class=\"elementor-widget-container\">\n\t\t\t\t\t\t\t\t\t\t\t\t<figure class=\"wp-caption\">\n\t\t\t\t\t\t\t\t\t\t\t<a href=\"https:\/\/carole-pascal.fr\/WORDPRESS\/haute-loire-loire-puy-de-dome-12-au-19-septembre-2020\/\">\n\t\t\t\t\t\t\t<img loading=\"lazy\" width=\"768\" height=\"513\"  class=\"attachment-medium_large size-medium_large wp-image-27964 lws-optimize-lazyload\" alt=\"\" srcset=\"https:\/\/carole-pascal.fr\/WORDPRESS\/wp-content\/uploads\/2024\/02\/008_-20200918-768x513.jpg 768w, https:\/\/carole-pascal.fr\/WORDPRESS\/wp-content\/uploads\/2024\/02\/008_-20200918-300x200.jpg 300w, https:\/\/carole-pascal.fr\/WORDPRESS\/wp-content\/uploads\/2024\/02\/008_-20200918-1024x683.jpg 1024w, https:\/\/carole-pascal.fr\/WORDPRESS\/wp-content\/uploads\/2024\/02\/008_-20200918-1536x1025.jpg 1536w, https:\/\/carole-pascal.fr\/WORDPRESS\/wp-content\/uploads\/2024\/02\/008_-20200918-2048x1367.jpg 2048w\" sizes=\"(max-width: 768px) 100vw, 768px\" \/ data-src=\"https:\/\/carole-pascal.fr\/WORDPRESS\/wp-content\/uploads\/2024\/02\/008_-20200918-768x513.jpg\">\t\t\t\t\t\t\t\t<\/a>\n\t\t\t\t\t\t\t\t\t\t\t<figcaption class=\"widget-image-caption wp-caption-text\">Haute-Loire - Loire - Puy-de-D\u00f4me - 12 au 19 septembre 2020<\/figcaption>\n\t\t\t\t\t\t\t\t\t\t<\/figure>\n\t\t\t\t\t\t\t\t\t<\/div>\n\t\t\t\t<\/div>\n\t\t\t\t<\/div>\n\t\t<div class=\"elementor-element elementor-element-e0ddd43 e-con-full e-flex e-con e-child\" data-id=\"e0ddd43\" data-element_type=\"container\" data-e-type=\"container\">\n\t\t\t\t<div class=\"elementor-element elementor-element-ebd4d1e elementor-widget elementor-widget-image\" data-id=\"ebd4d1e\" data-element_type=\"widget\" data-e-type=\"widget\" data-widget_type=\"image.default\">\n\t\t\t\t<div class=\"elementor-widget-container\">\n\t\t\t\t\t\t\t\t\t\t\t\t<figure class=\"wp-caption\">\n\t\t\t\t\t\t\t\t\t\t\t<a href=\"https:\/\/carole-pascal.fr\/WORDPRESS\/chateaux-de-saumur-et-montsoreau-maine-et-loire-20-aout-2020\/\">\n\t\t\t\t\t\t\t<img loading=\"lazy\" width=\"768\" height=\"512\"  class=\"attachment-medium_large size-medium_large wp-image-27427 lws-optimize-lazyload\" alt=\"\" srcset=\"https:\/\/carole-pascal.fr\/WORDPRESS\/wp-content\/uploads\/2024\/02\/003_-20200820-768x512.jpg 768w, https:\/\/carole-pascal.fr\/WORDPRESS\/wp-content\/uploads\/2024\/02\/003_-20200820-300x200.jpg 300w, https:\/\/carole-pascal.fr\/WORDPRESS\/wp-content\/uploads\/2024\/02\/003_-20200820-1024x683.jpg 1024w, https:\/\/carole-pascal.fr\/WORDPRESS\/wp-content\/uploads\/2024\/02\/003_-20200820-1536x1024.jpg 1536w, https:\/\/carole-pascal.fr\/WORDPRESS\/wp-content\/uploads\/2024\/02\/003_-20200820-2048x1365.jpg 2048w\" sizes=\"(max-width: 768px) 100vw, 768px\" \/ data-src=\"https:\/\/carole-pascal.fr\/WORDPRESS\/wp-content\/uploads\/2024\/02\/003_-20200820-768x512.jpg\">\t\t\t\t\t\t\t\t<\/a>\n\t\t\t\t\t\t\t\t\t\t\t<figcaption class=\"widget-image-caption wp-caption-text\">Saumur - Montsoreau (Maine et Loire) - 20 Ao\u00fbt 2020<\/figcaption>\n\t\t\t\t\t\t\t\t\t\t<\/figure>\n\t\t\t\t\t\t\t\t\t<\/div>\n\t\t\t\t<\/div>\n\t\t\t\t<\/div>\n\t\t<div class=\"elementor-element elementor-element-b3a9dec e-con-full e-flex e-con e-child\" data-id=\"b3a9dec\" data-element_type=\"container\" data-e-type=\"container\">\n\t\t\t\t<div class=\"elementor-element elementor-element-81cc8f4 elementor-widget elementor-widget-image\" data-id=\"81cc8f4\" data-element_type=\"widget\" data-e-type=\"widget\" data-widget_type=\"image.default\">\n\t\t\t\t<div class=\"elementor-widget-container\">\n\t\t\t\t\t\t\t\t\t\t\t\t<figure class=\"wp-caption\">\n\t\t\t\t\t\t\t\t\t\t\t<a href=\"https:\/\/carole-pascal.fr\/WORDPRESS\/pays-dauge-calvados-29-juillet-2020\/\">\n\t\t\t\t\t\t\t<img loading=\"lazy\" width=\"768\" height=\"512\"  class=\"attachment-medium_large size-medium_large wp-image-27387 lws-optimize-lazyload\" alt=\"\" srcset=\"https:\/\/carole-pascal.fr\/WORDPRESS\/wp-content\/uploads\/2024\/02\/009_-20200729-768x512.jpg 768w, https:\/\/carole-pascal.fr\/WORDPRESS\/wp-content\/uploads\/2024\/02\/009_-20200729-300x200.jpg 300w, https:\/\/carole-pascal.fr\/WORDPRESS\/wp-content\/uploads\/2024\/02\/009_-20200729-1024x683.jpg 1024w, https:\/\/carole-pascal.fr\/WORDPRESS\/wp-content\/uploads\/2024\/02\/009_-20200729-1536x1024.jpg 1536w, https:\/\/carole-pascal.fr\/WORDPRESS\/wp-content\/uploads\/2024\/02\/009_-20200729-2048x1365.jpg 2048w\" sizes=\"(max-width: 768px) 100vw, 768px\" \/ data-src=\"https:\/\/carole-pascal.fr\/WORDPRESS\/wp-content\/uploads\/2024\/02\/009_-20200729-768x512.jpg\">\t\t\t\t\t\t\t\t<\/a>\n\t\t\t\t\t\t\t\t\t\t\t<figcaption class=\"widget-image-caption wp-caption-text\">Pays d'Auge (Calvados) - 29 Juillet 2020<\/figcaption>\n\t\t\t\t\t\t\t\t\t\t<\/figure>\n\t\t\t\t\t\t\t\t\t<\/div>\n\t\t\t\t<\/div>\n\t\t\t\t<\/div>\n\t\t<div class=\"elementor-element elementor-element-251c1f7 e-con-full e-flex e-con e-child\" data-id=\"251c1f7\" data-element_type=\"container\" data-e-type=\"container\">\n\t\t\t\t<div class=\"elementor-element elementor-element-b2ff824 elementor-widget elementor-widget-image\" data-id=\"b2ff824\" data-element_type=\"widget\" data-e-type=\"widget\" data-widget_type=\"image.default\">\n\t\t\t\t<div class=\"elementor-widget-container\">\n\t\t\t\t\t\t\t\t\t\t\t\t<figure class=\"wp-caption\">\n\t\t\t\t\t\t\t\t\t\t\t<a href=\"https:\/\/carole-pascal.fr\/WORDPRESS\/concarneau-finistere-juillet-2020\/\">\n\t\t\t\t\t\t\t<img loading=\"lazy\" width=\"768\" height=\"512\"  class=\"attachment-medium_large size-medium_large wp-image-27328 lws-optimize-lazyload\" alt=\"\" srcset=\"https:\/\/carole-pascal.fr\/WORDPRESS\/wp-content\/uploads\/2024\/02\/048_-202007-768x512.jpg 768w, https:\/\/carole-pascal.fr\/WORDPRESS\/wp-content\/uploads\/2024\/02\/048_-202007-300x200.jpg 300w, https:\/\/carole-pascal.fr\/WORDPRESS\/wp-content\/uploads\/2024\/02\/048_-202007-1024x683.jpg 1024w, https:\/\/carole-pascal.fr\/WORDPRESS\/wp-content\/uploads\/2024\/02\/048_-202007-1536x1024.jpg 1536w, https:\/\/carole-pascal.fr\/WORDPRESS\/wp-content\/uploads\/2024\/02\/048_-202007-2048x1365.jpg 2048w\" sizes=\"(max-width: 768px) 100vw, 768px\" \/ data-src=\"https:\/\/carole-pascal.fr\/WORDPRESS\/wp-content\/uploads\/2024\/02\/048_-202007-768x512.jpg\">\t\t\t\t\t\t\t\t<\/a>\n\t\t\t\t\t\t\t\t\t\t\t<figcaption class=\"widget-image-caption wp-caption-text\">Concarneau (Finist\u00e8re) - Juillet 2020<\/figcaption>\n\t\t\t\t\t\t\t\t\t\t<\/figure>\n\t\t\t\t\t\t\t\t\t<\/div>\n\t\t\t\t<\/div>\n\t\t\t\t<\/div>\n\t\t<div class=\"elementor-element elementor-element-84c8202 e-con-full e-flex e-con e-child\" data-id=\"84c8202\" data-element_type=\"container\" data-e-type=\"container\">\n\t\t\t\t<div class=\"elementor-element elementor-element-783d268 elementor-widget elementor-widget-image\" data-id=\"783d268\" data-element_type=\"widget\" data-e-type=\"widget\" data-widget_type=\"image.default\">\n\t\t\t\t<div class=\"elementor-widget-container\">\n\t\t\t\t\t\t\t\t\t\t\t\t<figure class=\"wp-caption\">\n\t\t\t\t\t\t\t\t\t\t\t<a href=\"https:\/\/carole-pascal.fr\/WORDPRESS\/avions-au-dessus-de-st-quentin-14-juillet-2020\/\">\n\t\t\t\t\t\t\t<img loading=\"lazy\" width=\"768\" height=\"512\"  class=\"attachment-medium_large size-medium_large wp-image-27226 lws-optimize-lazyload\" alt=\"\" srcset=\"https:\/\/carole-pascal.fr\/WORDPRESS\/wp-content\/uploads\/2024\/02\/010_-20200715-768x512.jpg 768w, https:\/\/carole-pascal.fr\/WORDPRESS\/wp-content\/uploads\/2024\/02\/010_-20200715-300x200.jpg 300w, https:\/\/carole-pascal.fr\/WORDPRESS\/wp-content\/uploads\/2024\/02\/010_-20200715-1024x683.jpg 1024w, https:\/\/carole-pascal.fr\/WORDPRESS\/wp-content\/uploads\/2024\/02\/010_-20200715-1536x1024.jpg 1536w, https:\/\/carole-pascal.fr\/WORDPRESS\/wp-content\/uploads\/2024\/02\/010_-20200715-2048x1365.jpg 2048w\" sizes=\"(max-width: 768px) 100vw, 768px\" \/ data-src=\"https:\/\/carole-pascal.fr\/WORDPRESS\/wp-content\/uploads\/2024\/02\/010_-20200715-768x512.jpg\">\t\t\t\t\t\t\t\t<\/a>\n\t\t\t\t\t\t\t\t\t\t\t<figcaption class=\"widget-image-caption wp-caption-text\">Avions au dessus de St Quentin - 14 juillet 2020<\/figcaption>\n\t\t\t\t\t\t\t\t\t\t<\/figure>\n\t\t\t\t\t\t\t\t\t<\/div>\n\t\t\t\t<\/div>\n\t\t\t\t<\/div>\n\t\t<div class=\"elementor-element elementor-element-0d8ecfd e-con-full e-flex e-con e-child\" data-id=\"0d8ecfd\" data-element_type=\"container\" data-e-type=\"container\">\n\t\t\t\t<div class=\"elementor-element elementor-element-389b680 elementor-widget elementor-widget-image\" data-id=\"389b680\" data-element_type=\"widget\" data-e-type=\"widget\" data-widget_type=\"image.default\">\n\t\t\t\t<div class=\"elementor-widget-container\">\n\t\t\t\t\t\t\t\t\t\t\t\t<figure class=\"wp-caption\">\n\t\t\t\t\t\t\t\t\t\t\t<a href=\"https:\/\/carole-pascal.fr\/WORDPRESS\/chateau-de-st-germain-en-laye-yvelines-15-juillet-2020\/\">\n\t\t\t\t\t\t\t<img loading=\"lazy\" width=\"768\" height=\"513\"  class=\"attachment-medium_large size-medium_large wp-image-27253 lws-optimize-lazyload\" alt=\"\" srcset=\"https:\/\/carole-pascal.fr\/WORDPRESS\/wp-content\/uploads\/2024\/02\/025_-20200715-768x513.jpg 768w, https:\/\/carole-pascal.fr\/WORDPRESS\/wp-content\/uploads\/2024\/02\/025_-20200715-300x201.jpg 300w, https:\/\/carole-pascal.fr\/WORDPRESS\/wp-content\/uploads\/2024\/02\/025_-20200715-1024x685.jpg 1024w, https:\/\/carole-pascal.fr\/WORDPRESS\/wp-content\/uploads\/2024\/02\/025_-20200715-1536x1027.jpg 1536w, https:\/\/carole-pascal.fr\/WORDPRESS\/wp-content\/uploads\/2024\/02\/025_-20200715-2048x1369.jpg 2048w\" sizes=\"(max-width: 768px) 100vw, 768px\" \/ data-src=\"https:\/\/carole-pascal.fr\/WORDPRESS\/wp-content\/uploads\/2024\/02\/025_-20200715-768x513.jpg\">\t\t\t\t\t\t\t\t<\/a>\n\t\t\t\t\t\t\t\t\t\t\t<figcaption class=\"widget-image-caption wp-caption-text\">Ch\u00e2teau de St Germain en Laye - 15 juillet 2020<\/figcaption>\n\t\t\t\t\t\t\t\t\t\t<\/figure>\n\t\t\t\t\t\t\t\t\t<\/div>\n\t\t\t\t<\/div>\n\t\t\t\t<\/div>\n\t\t<div class=\"elementor-element elementor-element-526da84 e-con-full e-flex e-con e-child\" data-id=\"526da84\" data-element_type=\"container\" data-e-type=\"container\">\n\t\t\t\t<div class=\"elementor-element elementor-element-515c8fb elementor-widget elementor-widget-image\" data-id=\"515c8fb\" data-element_type=\"widget\" data-e-type=\"widget\" data-widget_type=\"image.default\">\n\t\t\t\t<div class=\"elementor-widget-container\">\n\t\t\t\t\t\t\t\t\t\t\t\t<figure class=\"wp-caption\">\n\t\t\t\t\t\t\t\t\t\t\t<a href=\"https:\/\/carole-pascal.fr\/WORDPRESS\/conflans-sainte-honorine-yvelines-musee-de-la-batellerie-quais-de-seine-07-juillet-2020\/\">\n\t\t\t\t\t\t\t<img loading=\"lazy\" width=\"768\" height=\"513\"  class=\"attachment-medium_large size-medium_large wp-image-27205 lws-optimize-lazyload\" alt=\"\" srcset=\"https:\/\/carole-pascal.fr\/WORDPRESS\/wp-content\/uploads\/2024\/02\/075_-20200707-768x513.jpg 768w, https:\/\/carole-pascal.fr\/WORDPRESS\/wp-content\/uploads\/2024\/02\/075_-20200707-300x201.jpg 300w, https:\/\/carole-pascal.fr\/WORDPRESS\/wp-content\/uploads\/2024\/02\/075_-20200707-1024x685.jpg 1024w, https:\/\/carole-pascal.fr\/WORDPRESS\/wp-content\/uploads\/2024\/02\/075_-20200707-1536x1027.jpg 1536w, https:\/\/carole-pascal.fr\/WORDPRESS\/wp-content\/uploads\/2024\/02\/075_-20200707-2048x1369.jpg 2048w\" sizes=\"(max-width: 768px) 100vw, 768px\" \/ data-src=\"https:\/\/carole-pascal.fr\/WORDPRESS\/wp-content\/uploads\/2024\/02\/075_-20200707-768x513.jpg\">\t\t\t\t\t\t\t\t<\/a>\n\t\t\t\t\t\t\t\t\t\t\t<figcaption class=\"widget-image-caption wp-caption-text\">Conflans Sainte-Honorine - Yvelines (mus\u00e9e de la batellerie - quais de Seine) - 07 juillet 2020<\/figcaption>\n\t\t\t\t\t\t\t\t\t\t<\/figure>\n\t\t\t\t\t\t\t\t\t<\/div>\n\t\t\t\t<\/div>\n\t\t\t\t<\/div>\n\t\t<div class=\"elementor-element elementor-element-9137b3a e-con-full e-flex e-con e-child\" data-id=\"9137b3a\" data-element_type=\"container\" data-e-type=\"container\">\n\t\t\t\t<div class=\"elementor-element elementor-element-b96f78a elementor-widget elementor-widget-image\" data-id=\"b96f78a\" data-element_type=\"widget\" data-e-type=\"widget\" data-widget_type=\"image.default\">\n\t\t\t\t<div class=\"elementor-widget-container\">\n\t\t\t\t\t\t\t\t\t\t\t\t<figure class=\"wp-caption\">\n\t\t\t\t\t\t\t\t\t\t\t<a href=\"https:\/\/carole-pascal.fr\/WORDPRESS\/nature-en-deux-sevres-juin-2020\/\">\n\t\t\t\t\t\t\t<img loading=\"lazy\" width=\"768\" height=\"512\"  class=\"attachment-medium_large size-medium_large wp-image-26920 lws-optimize-lazyload\" alt=\"\" srcset=\"https:\/\/carole-pascal.fr\/WORDPRESS\/wp-content\/uploads\/2024\/02\/003_-202006-768x512.jpg 768w, https:\/\/carole-pascal.fr\/WORDPRESS\/wp-content\/uploads\/2024\/02\/003_-202006-300x200.jpg 300w, https:\/\/carole-pascal.fr\/WORDPRESS\/wp-content\/uploads\/2024\/02\/003_-202006-1024x683.jpg 1024w, https:\/\/carole-pascal.fr\/WORDPRESS\/wp-content\/uploads\/2024\/02\/003_-202006-1536x1024.jpg 1536w, https:\/\/carole-pascal.fr\/WORDPRESS\/wp-content\/uploads\/2024\/02\/003_-202006-2048x1365.jpg 2048w\" sizes=\"(max-width: 768px) 100vw, 768px\" \/ data-src=\"https:\/\/carole-pascal.fr\/WORDPRESS\/wp-content\/uploads\/2024\/02\/003_-202006-768x512.jpg\">\t\t\t\t\t\t\t\t<\/a>\n\t\t\t\t\t\t\t\t\t\t\t<figcaption class=\"widget-image-caption wp-caption-text\">Nature en Deux-S\u00e8vres - Juin 2020<\/figcaption>\n\t\t\t\t\t\t\t\t\t\t<\/figure>\n\t\t\t\t\t\t\t\t\t<\/div>\n\t\t\t\t<\/div>\n\t\t\t\t<\/div>\n\t\t<div class=\"elementor-element elementor-element-201cf5a e-con-full e-flex e-con e-child\" data-id=\"201cf5a\" data-element_type=\"container\" data-e-type=\"container\">\n\t\t\t\t<div class=\"elementor-element elementor-element-8187d0f elementor-widget elementor-widget-image\" data-id=\"8187d0f\" data-element_type=\"widget\" data-e-type=\"widget\" data-widget_type=\"image.default\">\n\t\t\t\t<div class=\"elementor-widget-container\">\n\t\t\t\t\t\t\t\t\t\t\t\t<figure class=\"wp-caption\">\n\t\t\t\t\t\t\t\t\t\t\t<a href=\"https:\/\/carole-pascal.fr\/WORDPRESS\/nature-en-eure-et-loir-mai-2020\/\">\n\t\t\t\t\t\t\t<img loading=\"lazy\" width=\"768\" height=\"512\"  class=\"attachment-medium_large size-medium_large wp-image-26881 lws-optimize-lazyload\" alt=\"\" srcset=\"https:\/\/carole-pascal.fr\/WORDPRESS\/wp-content\/uploads\/2024\/02\/013_-20200526-768x512.jpg 768w, https:\/\/carole-pascal.fr\/WORDPRESS\/wp-content\/uploads\/2024\/02\/013_-20200526-300x200.jpg 300w, https:\/\/carole-pascal.fr\/WORDPRESS\/wp-content\/uploads\/2024\/02\/013_-20200526-1024x683.jpg 1024w, https:\/\/carole-pascal.fr\/WORDPRESS\/wp-content\/uploads\/2024\/02\/013_-20200526-1536x1024.jpg 1536w, https:\/\/carole-pascal.fr\/WORDPRESS\/wp-content\/uploads\/2024\/02\/013_-20200526-2048x1365.jpg 2048w\" sizes=\"(max-width: 768px) 100vw, 768px\" \/ data-src=\"https:\/\/carole-pascal.fr\/WORDPRESS\/wp-content\/uploads\/2024\/02\/013_-20200526-768x512.jpg\">\t\t\t\t\t\t\t\t<\/a>\n\t\t\t\t\t\t\t\t\t\t\t<figcaption class=\"widget-image-caption wp-caption-text\">Papillons et orchid\u00e9es d'Eure et Loir - 26 mai 2020<\/figcaption>\n\t\t\t\t\t\t\t\t\t\t<\/figure>\n\t\t\t\t\t\t\t\t\t<\/div>\n\t\t\t\t<\/div>\n\t\t\t\t<\/div>\n\t\t<div class=\"elementor-element elementor-element-f74efb7 e-con-full e-flex e-con e-child\" data-id=\"f74efb7\" data-element_type=\"container\" data-e-type=\"container\">\n\t\t\t\t<div class=\"elementor-element elementor-element-bbe726a elementor-widget elementor-widget-image\" data-id=\"bbe726a\" data-element_type=\"widget\" data-e-type=\"widget\" data-widget_type=\"image.default\">\n\t\t\t\t<div class=\"elementor-widget-container\">\n\t\t\t\t\t\t\t\t\t\t\t\t<figure class=\"wp-caption\">\n\t\t\t\t\t\t\t\t\t\t\t<a href=\"https:\/\/carole-pascal.fr\/WORDPRESS\/chili-16-au-23-fevrier-2020\/\">\n\t\t\t\t\t\t\t<img loading=\"lazy\" width=\"768\" height=\"513\"  class=\"attachment-medium_large size-medium_large wp-image-23883 lws-optimize-lazyload\" alt=\"\" srcset=\"https:\/\/carole-pascal.fr\/WORDPRESS\/wp-content\/uploads\/2024\/02\/056_-20200222-768x513.jpg 768w, https:\/\/carole-pascal.fr\/WORDPRESS\/wp-content\/uploads\/2024\/02\/056_-20200222-300x200.jpg 300w, https:\/\/carole-pascal.fr\/WORDPRESS\/wp-content\/uploads\/2024\/02\/056_-20200222-1024x683.jpg 1024w, https:\/\/carole-pascal.fr\/WORDPRESS\/wp-content\/uploads\/2024\/02\/056_-20200222-1536x1025.jpg 1536w, https:\/\/carole-pascal.fr\/WORDPRESS\/wp-content\/uploads\/2024\/02\/056_-20200222-2048x1367.jpg 2048w\" sizes=\"(max-width: 768px) 100vw, 768px\" \/ data-src=\"https:\/\/carole-pascal.fr\/WORDPRESS\/wp-content\/uploads\/2024\/02\/056_-20200222-768x513.jpg\">\t\t\t\t\t\t\t\t<\/a>\n\t\t\t\t\t\t\t\t\t\t\t<figcaption class=\"widget-image-caption wp-caption-text\">CHILI - F\u00e9vrier 2020<\/figcaption>\n\t\t\t\t\t\t\t\t\t\t<\/figure>\n\t\t\t\t\t\t\t\t\t<\/div>\n\t\t\t\t<\/div>\n\t\t\t\t<\/div>\n\t\t<div class=\"elementor-element elementor-element-f93c613 e-con-full e-flex e-con e-child\" data-id=\"f93c613\" data-element_type=\"container\" data-e-type=\"container\">\n\t\t\t\t<div class=\"elementor-element elementor-element-78aefac elementor-widget elementor-widget-image\" data-id=\"78aefac\" data-element_type=\"widget\" data-e-type=\"widget\" data-widget_type=\"image.default\">\n\t\t\t\t<div class=\"elementor-widget-container\">\n\t\t\t\t\t\t\t\t\t\t\t\t<figure class=\"wp-caption\">\n\t\t\t\t\t\t\t\t\t\t\t<a href=\"https:\/\/carole-pascal.fr\/WORDPRESS\/iles-falkland-malouines-01-au-15-fevrier-2020\/\">\n\t\t\t\t\t\t\t<img loading=\"lazy\" width=\"768\" height=\"512\"  class=\"attachment-medium_large size-medium_large wp-image-24655 lws-optimize-lazyload\" alt=\"\" srcset=\"https:\/\/carole-pascal.fr\/WORDPRESS\/wp-content\/uploads\/2024\/02\/064_Gorfou_sauteur-768x512.jpg 768w, https:\/\/carole-pascal.fr\/WORDPRESS\/wp-content\/uploads\/2024\/02\/064_Gorfou_sauteur-300x200.jpg 300w, https:\/\/carole-pascal.fr\/WORDPRESS\/wp-content\/uploads\/2024\/02\/064_Gorfou_sauteur-1024x683.jpg 1024w, https:\/\/carole-pascal.fr\/WORDPRESS\/wp-content\/uploads\/2024\/02\/064_Gorfou_sauteur-1536x1024.jpg 1536w, https:\/\/carole-pascal.fr\/WORDPRESS\/wp-content\/uploads\/2024\/02\/064_Gorfou_sauteur-2048x1365.jpg 2048w\" sizes=\"(max-width: 768px) 100vw, 768px\" \/ data-src=\"https:\/\/carole-pascal.fr\/WORDPRESS\/wp-content\/uploads\/2024\/02\/064_Gorfou_sauteur-768x512.jpg\">\t\t\t\t\t\t\t\t<\/a>\n\t\t\t\t\t\t\t\t\t\t\t<figcaption class=\"widget-image-caption wp-caption-text\">Iles FALKLAND - F\u00e9vrier 2020<\/figcaption>\n\t\t\t\t\t\t\t\t\t\t<\/figure>\n\t\t\t\t\t\t\t\t\t<\/div>\n\t\t\t\t<\/div>\n\t\t\t\t<\/div>\n\t\t\t\t\t<\/div>\n\t\t\t\t<\/div>\n\t\t\t\t<\/div>\n\t\t","protected":false},"excerpt":{"rendered":"<p>ILES FALKLAND, CHILI, Papillons et orchid\u00e9es d&rsquo;Eure et Loir, Nature en Deux-S\u00e8vres et Ile-de-France au fil des mois, Conflans Sainte-Honorine, Saint-Germain-en-Laye, Concarneau, Pays d&rsquo;Auge, Saumur, Montsoreau, Haute-Loire, Loire, Puy-de-D\u00f4me, Charente-Maritime. Nature en Yvelines &#8211; D\u00e9cembre 2020 S\u00e9l\u00e9ction nature 2020 Finist\u00e8re &#8211; Octobre 2020 Charente-Maritime &#8211; Octobre 2020 Haute-Loire &#8211; Loire &#8211; Puy-de-D\u00f4me &#8211; 12 au [&hellip;]<\/p>\n","protected":false},"author":1,"featured_media":0,"parent":0,"menu_order":0,"comment_status":"closed","ping_status":"closed","template":"","meta":{"ocean_post_layout":"","ocean_both_sidebars_style":"","ocean_both_sidebars_content_width":0,"ocean_both_sidebars_sidebars_width":0,"ocean_sidebar":"","ocean_second_sidebar":"","ocean_disable_margins":"enable","ocean_add_body_class":"","ocean_shortcode_before_top_bar":"","ocean_shortcode_after_top_bar":"","ocean_shortcode_before_header":"","ocean_shortcode_after_header":"","ocean_has_shortcode":"","ocean_shortcode_after_title":"","ocean_shortcode_before_footer_widgets":"","ocean_shortcode_after_footer_widgets":"","ocean_shortcode_before_footer_bottom":"","ocean_shortcode_after_footer_bottom":"","ocean_display_top_bar":"default","ocean_display_header":"default","ocean_header_style":"","ocean_center_header_left_menu":"","ocean_custom_header_template":"","ocean_custom_logo":0,"ocean_custom_retina_logo":0,"ocean_custom_logo_max_width":0,"ocean_custom_logo_tablet_max_width":0,"ocean_custom_logo_mobile_max_width":0,"ocean_custom_logo_max_height":0,"ocean_custom_logo_tablet_max_height":0,"ocean_custom_logo_mobile_max_height":0,"ocean_header_custom_menu":"","ocean_menu_typo_font_family":"","ocean_menu_typo_font_subset":"","ocean_menu_typo_font_size":0,"ocean_menu_typo_font_size_tablet":0,"ocean_menu_typo_font_size_mobile":0,"ocean_menu_typo_font_size_unit":"px","ocean_menu_typo_font_weight":"","ocean_menu_typo_font_weight_tablet":"","ocean_menu_typo_font_weight_mobile":"","ocean_menu_typo_transform":"","ocean_menu_typo_transform_tablet":"","ocean_menu_typo_transform_mobile":"","ocean_menu_typo_line_height":0,"ocean_menu_typo_line_height_tablet":0,"ocean_menu_typo_line_height_mobile":0,"ocean_menu_typo_line_height_unit":"","ocean_menu_typo_spacing":0,"ocean_menu_typo_spacing_tablet":0,"ocean_menu_typo_spacing_mobile":0,"ocean_menu_typo_spacing_unit":"","ocean_menu_link_color":"","ocean_menu_link_color_hover":"","ocean_menu_link_color_active":"","ocean_menu_link_background":"","ocean_menu_link_hover_background":"","ocean_menu_link_active_background":"","ocean_menu_social_links_bg":"","ocean_menu_social_hover_links_bg":"","ocean_menu_social_links_color":"","ocean_menu_social_hover_links_color":"","ocean_disable_title":"default","ocean_disable_heading":"default","ocean_post_title":"","ocean_post_subheading":"","ocean_post_title_style":"","ocean_post_title_background_color":"","ocean_post_title_background":0,"ocean_post_title_bg_image_position":"","ocean_post_title_bg_image_attachment":"","ocean_post_title_bg_image_repeat":"","ocean_post_title_bg_image_size":"","ocean_post_title_height":0,"ocean_post_title_bg_overlay":0.5,"ocean_post_title_bg_overlay_color":"","ocean_disable_breadcrumbs":"default","ocean_breadcrumbs_color":"","ocean_breadcrumbs_separator_color":"","ocean_breadcrumbs_links_color":"","ocean_breadcrumbs_links_hover_color":"","ocean_display_footer_widgets":"default","ocean_display_footer_bottom":"default","ocean_custom_footer_template":"","footnotes":""},"class_list":["post-1823","page","type-page","status-publish","hentry","entry"],"_links":{"self":[{"href":"https:\/\/carole-pascal.fr\/WORDPRESS\/wp-json\/wp\/v2\/pages\/1823","targetHints":{"allow":["GET"]}}],"collection":[{"href":"https:\/\/carole-pascal.fr\/WORDPRESS\/wp-json\/wp\/v2\/pages"}],"about":[{"href":"https:\/\/carole-pascal.fr\/WORDPRESS\/wp-json\/wp\/v2\/types\/page"}],"author":[{"embeddable":true,"href":"https:\/\/carole-pascal.fr\/WORDPRESS\/wp-json\/wp\/v2\/users\/1"}],"replies":[{"embeddable":true,"href":"https:\/\/carole-pascal.fr\/WORDPRESS\/wp-json\/wp\/v2\/comments?post=1823"}],"version-history":[{"count":0,"href":"https:\/\/carole-pascal.fr\/WORDPRESS\/wp-json\/wp\/v2\/pages\/1823\/revisions"}],"wp:attachment":[{"href":"https:\/\/carole-pascal.fr\/WORDPRESS\/wp-json\/wp\/v2\/media?parent=1823"}],"curies":[{"name":"wp","href":"https:\/\/api.w.org\/{rel}","templated":true}]}}